{"id":277,"date":"2022-12-06T19:02:21","date_gmt":"2022-12-06T19:02:21","guid":{"rendered":"https:\/\/idemar.cl\/inicio\/Inicio\/?page_id=277"},"modified":"2026-03-09T10:42:58","modified_gmt":"2026-03-09T14:42:58","slug":"instituto-del-mar","status":"publish","type":"page","link":"https:\/\/idemar.cl\/inicio\/instituto-del-mar\/","title":{"rendered":"Nosotros"},"content":{"rendered":"\t\t<div data-elementor-type=\"wp-page\" data-elementor-id=\"277\" class=\"elementor elementor-277\" data-elementor-post-type=\"page\">\n\t\t\t\t\t\t<section class=\"elementor-section elementor-top-section elementor-element elementor-element-69e251ab elementor-section-stretched elementor-section-height-min-height elementor-section-items-bottom elementor-reverse-mobile elementor-section-boxed elementor-section-height-default\" data-id=\"69e251ab\" data-element_type=\"section\" data-settings=\"{&quot;stretch_section&quot;:&quot;section-stretched&quot;,&quot;background_background&quot;:&quot;classic&quot;}\">\n\t\t\t\t\t\t<div class=\"elementor-container elementor-column-gap-default\">\n\t\t\t\t\t<div class=\"elementor-column elementor-col-50 elementor-top-column elementor-element elementor-element-5fa283c1\" data-id=\"5fa283c1\" data-element_type=\"column\" data-settings=\"{&quot;background_background&quot;:&quot;classic&quot;}\">\n\t\t\t<div class=\"elementor-widget-wrap elementor-element-populated\">\n\t\t\t\t\t\t<div class=\"elementor-element elementor-element-df466fb elementor-widget elementor-widget-heading\" data-id=\"df466fb\" data-element_type=\"widget\" data-widget_type=\"heading.default\">\n\t\t\t\t<div class=\"elementor-widget-container\">\n\t\t\t<style>\/*! elementor - v3.20.0 - 26-03-2024 *\/\n.elementor-heading-title{padding:0;margin:0;line-height:1}.elementor-widget-heading .elementor-heading-title[class*=elementor-size-]>a{color:inherit;font-size:inherit;line-height:inherit}.elementor-widget-heading .elementor-heading-title.elementor-size-small{font-size:15px}.elementor-widget-heading .elementor-heading-title.elementor-size-medium{font-size:19px}.elementor-widget-heading .elementor-heading-title.elementor-size-large{font-size:29px}.elementor-widget-heading .elementor-heading-title.elementor-size-xl{font-size:39px}.elementor-widget-heading .elementor-heading-title.elementor-size-xxl{font-size:59px}<\/style><h2 class=\"elementor-heading-title elementor-size-default\">Nosotros<\/h2>\t\t<\/div>\n\t\t\t\t<\/div>\n\t\t\t\t\t<\/div>\n\t\t<\/div>\n\t\t\t\t<div class=\"elementor-column elementor-col-50 elementor-top-column elementor-element elementor-element-31f39291\" data-id=\"31f39291\" data-element_type=\"column\">\n\t\t\t<div class=\"elementor-widget-wrap\">\n\t\t\t\t\t\t\t<\/div>\n\t\t<\/div>\n\t\t\t\t\t<\/div>\n\t\t<\/section>\n\t\t\t\t<section class=\"elementor-section elementor-top-section elementor-element elementor-element-97a770e elementor-section-boxed elementor-section-height-default elementor-section-height-default\" data-id=\"97a770e\" data-element_type=\"section\">\n\t\t\t\t\t\t<div class=\"elementor-container elementor-column-gap-extended\">\n\t\t\t\t\t<div class=\"elementor-column elementor-col-50 elementor-top-column elementor-element elementor-element-10c54de elementor-hidden-mobile\" data-id=\"10c54de\" data-element_type=\"column\" data-settings=\"{&quot;background_background&quot;:&quot;classic&quot;}\">\n\t\t\t<div class=\"elementor-widget-wrap\">\n\t\t\t\t\t\t\t<\/div>\n\t\t<\/div>\n\t\t\t\t<div class=\"elementor-column elementor-col-50 elementor-top-column elementor-element elementor-element-7cbcade\" data-id=\"7cbcade\" data-element_type=\"column\">\n\t\t\t<div class=\"elementor-widget-wrap elementor-element-populated\">\n\t\t\t\t\t\t<div class=\"elementor-element elementor-element-74421d3 elementor-widget elementor-widget-heading\" data-id=\"74421d3\" data-element_type=\"widget\" data-widget_type=\"heading.default\">\n\t\t\t\t<div class=\"elementor-widget-container\">\n\t\t\t<h2 class=\"elementor-heading-title elementor-size-default\">Historia<\/h2>\t\t<\/div>\n\t\t\t\t<\/div>\n\t\t\t\t<div class=\"elementor-element elementor-element-a80599b elementor-widget elementor-widget-text-editor\" data-id=\"a80599b\" data-element_type=\"widget\" data-widget_type=\"text-editor.default\">\n\t\t\t\t<div class=\"elementor-widget-container\">\n\t\t\t<style>\/*! elementor - v3.20.0 - 26-03-2024 *\/\n.elementor-widget-text-editor.elementor-drop-cap-view-stacked .elementor-drop-cap{background-color:#69727d;color:#fff}.elementor-widget-text-editor.elementor-drop-cap-view-framed .elementor-drop-cap{color:#69727d;border:3px solid;background-color:transparent}.elementor-widget-text-editor:not(.elementor-drop-cap-view-default) .elementor-drop-cap{margin-top:8px}.elementor-widget-text-editor:not(.elementor-drop-cap-view-default) .elementor-drop-cap-letter{width:1em;height:1em}.elementor-widget-text-editor .elementor-drop-cap{float:left;text-align:center;line-height:1;font-size:50px}.elementor-widget-text-editor .elementor-drop-cap-letter{display:inline-block}<\/style>\t\t\t\t<p>El 07 de marzo de 1988, fue fundado el Instituto del Mar \u201cCapit\u00e1n Williams\u201d de Chonchi, culminando as\u00ed el esfuerzo y anhelo de muchas personas, quienes con visi\u00f3n y compatibilizando intereses y voluntades hacen posible que dicho proyecto se concrete y la comunidad de Chilo\u00e9 y la regi\u00f3n puedan acceder a un colegio de ense\u00f1anza media T\u00e9cnico Profesional en el \u00e1mbito Mar\u00edtimo-Pesquero. Por otro lado, es importante destacar que la Ilustre municipalidad de Chonchi, representada por su alcalde de aquel entonces Sr. Federico Kr\u00fcger Finsterbusch, compiti\u00f3 con Achao, Puerto Cisnes, Punta Arenas y otras importantes comunas; pero fundamentalmente por el avance en el proyecto, la infraestructura existente, los recursos econ\u00f3micos comprometidos y factores locales se toma la decisi\u00f3n de crear en Chonchi la primera Escuela de Pesca de la Zona Sur Austral. Es as\u00ed como la Fundaci\u00f3n Almirante \u201cCarlos Condell\u201d valora los proyectos, el inter\u00e9s, y aportes comprometidos y logra que se le transfiera exitosamente con fines educativos la infraestructura que antes fuera de la Empresa de Comercio Agr\u00edcola, (E.C.A.) De este modo y a trav\u00e9s de las Instituciones comprometidas con el desarrollo econ\u00f3mico y social de la comuna se conjugan intereses y se materializa la construcci\u00f3n de la Escuela de Pesca, m\u00e1s tarde denominada con el nombre de Instituto del Mar \u201cCapit\u00e1n Williams\u201d en homenaje al que fuera capit\u00e1n de Puerto de Ancud y capit\u00e1n de la Goleta Ancud quien en una hist\u00f3rica haza\u00f1a toma posesi\u00f3n del estrecho de Magallanes en el a\u00f1o 1843. La celebraci\u00f3n del Aniversario del Idemar se realiza en el mes de mayo, para hacerlo coincidir con el mes de las Glorias Navales y del Zarpe de la Goleta Ancud a tomar posesi\u00f3n del estrecho de Magallanes, esto por una decisi\u00f3n de la comunidad Educativa en el a\u00f1o 1988.<\/p>\t\t\t\t\t\t<\/div>\n\t\t\t\t<\/div>\n\t\t\t\t\t<\/div>\n\t\t<\/div>\n\t\t\t\t\t<\/div>\n\t\t<\/section>\n\t\t\t\t<section class=\"elementor-section elementor-top-section elementor-element elementor-element-50d59eb elementor-section-full_width elementor-section-content-middle elementor-section-height-default elementor-section-height-default\" data-id=\"50d59eb\" data-element_type=\"section\">\n\t\t\t\t\t\t<div class=\"elementor-container elementor-column-gap-default\">\n\t\t\t\t\t<div class=\"elementor-column elementor-col-16 elementor-top-column elementor-element elementor-element-51bcb19 elementor-hidden-mobile\" data-id=\"51bcb19\" data-element_type=\"column\" data-settings=\"{&quot;background_background&quot;:&quot;classic&quot;}\">\n\t\t\t<div class=\"elementor-widget-wrap\">\n\t\t\t\t\t\t\t<\/div>\n\t\t<\/div>\n\t\t\t\t<div class=\"elementor-column elementor-col-66 elementor-top-column elementor-element elementor-element-8dcabb1\" data-id=\"8dcabb1\" data-element_type=\"column\">\n\t\t\t<div class=\"elementor-widget-wrap elementor-element-populated\">\n\t\t\t\t\t\t<div class=\"elementor-element elementor-element-f7c6625 elementor-widget elementor-widget-heading\" data-id=\"f7c6625\" data-element_type=\"widget\" data-widget_type=\"heading.default\">\n\t\t\t\t<div class=\"elementor-widget-container\">\n\t\t\t<h2 class=\"elementor-heading-title elementor-size-default\">RESE\u00d1A DE LA FUNDACI\u00d3N ALMIRANTE CARLOS CONDELL<\/h2>\t\t<\/div>\n\t\t\t\t<\/div>\n\t\t\t\t\t<\/div>\n\t\t<\/div>\n\t\t\t\t<div class=\"elementor-column elementor-col-16 elementor-top-column elementor-element elementor-element-f84de70\" data-id=\"f84de70\" data-element_type=\"column\">\n\t\t\t<div class=\"elementor-widget-wrap\">\n\t\t\t\t\t\t\t<\/div>\n\t\t<\/div>\n\t\t\t\t\t<\/div>\n\t\t<\/section>\n\t\t\t\t<section class=\"elementor-section elementor-top-section elementor-element elementor-element-7c07ab6 elementor-section-boxed elementor-section-height-default elementor-section-height-default\" data-id=\"7c07ab6\" data-element_type=\"section\">\n\t\t\t\t\t\t<div class=\"elementor-container elementor-column-gap-default\">\n\t\t\t\t\t<div class=\"elementor-column elementor-col-50 elementor-top-column elementor-element elementor-element-88660c1\" data-id=\"88660c1\" data-element_type=\"column\" data-settings=\"{&quot;background_background&quot;:&quot;classic&quot;}\">\n\t\t\t<div class=\"elementor-widget-wrap elementor-element-populated\">\n\t\t\t\t\t<div class=\"elementor-background-overlay\"><\/div>\n\t\t\t\t\t\t<div class=\"elementor-element elementor-element-2beac96 elementor-widget elementor-widget-text-editor\" data-id=\"2beac96\" data-element_type=\"widget\" data-widget_type=\"text-editor.default\">\n\t\t\t\t<div class=\"elementor-widget-container\">\n\t\t\t\t\t\t\t<p>Establ\u00e9cese una fundaci\u00f3n sin fines de lucro, con el nombre \u201cFundaci\u00f3n Almirante Carlos Condell\u201d, destinada a la creaci\u00f3n, administraci\u00f3n o direcci\u00f3n de universidades, institutos superiores, institutos profesionales o centros de capacitaci\u00f3n, que tengan por objeto la ense\u00f1anza y formaci\u00f3n t\u00e9cnica en materias que digan relaci\u00f3n con el quehacer mar\u00edtimo en cualquiera de sus formas.\u201d Con esta misi\u00f3n el entonces Comandante en Jefe de la Armada, Almirante don Jos\u00e9 Toribio Merino Castro, dio vida a la Fundaci\u00f3n, el 18 de abril de 1984, con el patrocinio y la colaboraci\u00f3n del empresario se\u00f1or Oscar Ahu\u00e9s Atala. Era la visionaria idea del Almirante de educar y orientar a j\u00f3venes chilenos hacia actividades mar\u00edtimas, dando prioridad a la vez a una educaci\u00f3n basada en el amor a Dios, amor a la Patria y amor a la Familia, pilares fundamentales de toda sociedad, en los cuales descansa la Civilizaci\u00f3n Cristiana Occidental y la estabilidad de nuestra Naci\u00f3n. Esta misi\u00f3n, dada hace 38 a\u00f1os, se ha ido materializando hasta contar hoy con seis establecimientos educacionales, con una matr\u00edcula total en este a\u00f1o 2022 de 2.160 alumnos, educados por 216 personas, dirigidas todas desde la Casa Central en Valpara\u00edso.<\/p>\t\t\t\t\t\t<\/div>\n\t\t\t\t<\/div>\n\t\t\t\t\t<\/div>\n\t\t<\/div>\n\t\t\t\t<div class=\"elementor-column elementor-col-50 elementor-top-column elementor-element elementor-element-fb27f37\" data-id=\"fb27f37\" data-element_type=\"column\">\n\t\t\t<div class=\"elementor-widget-wrap elementor-element-populated\">\n\t\t\t\t\t\t<div class=\"elementor-element elementor-element-d546859 elementor-widget elementor-widget-image\" data-id=\"d546859\" data-element_type=\"widget\" data-widget_type=\"image.default\">\n\t\t\t\t<div class=\"elementor-widget-container\">\n\t\t\t<style>\/*! elementor - v3.20.0 - 26-03-2024 *\/\n.elementor-widget-image{text-align:center}.elementor-widget-image a{display:inline-block}.elementor-widget-image a img[src$=\".svg\"]{width:48px}.elementor-widget-image img{vertical-align:middle;display:inline-block}<\/style>\t\t\t\t\t\t\t\t\t\t\t<a href=\"https:\/\/fundacioncondell.cl\/\/\">\n\t\t\t\t\t\t\t<img decoding=\"async\" width=\"300\" height=\"163\" src=\"https:\/\/idemar.cl\/inicio\/wp-content\/uploads\/2022\/12\/Logo-Fundacion-Condell-03-300x163.png\" class=\"attachment-medium size-medium wp-image-21\" alt=\"Fundacion-Condell\" srcset=\"https:\/\/idemar.cl\/inicio\/wp-content\/uploads\/2022\/12\/Logo-Fundacion-Condell-03-300x163.png 300w, https:\/\/idemar.cl\/inicio\/wp-content\/uploads\/2022\/12\/Logo-Fundacion-Condell-03-1024x556.png 1024w, https:\/\/idemar.cl\/inicio\/wp-content\/uploads\/2022\/12\/Logo-Fundacion-Condell-03-768x417.png 768w, https:\/\/idemar.cl\/inicio\/wp-content\/uploads\/2022\/12\/Logo-Fundacion-Condell-03-1536x834.png 1536w, https:\/\/idemar.cl\/inicio\/wp-content\/uploads\/2022\/12\/Logo-Fundacion-Condell-03-2048x1112.png 2048w\" sizes=\"(max-width: 300px) 100vw, 300px\" \/>\t\t\t\t\t\t\t\t<\/a>\n\t\t\t\t\t\t\t\t\t\t\t\t\t<\/div>\n\t\t\t\t<\/div>\n\t\t\t\t<div class=\"elementor-element elementor-element-54482ad elementor-widget elementor-widget-text-editor\" data-id=\"54482ad\" data-element_type=\"widget\" data-widget_type=\"text-editor.default\">\n\t\t\t\t<div class=\"elementor-widget-container\">\n\t\t\t\t\t\t\t<p>A estos establecimientos se sum\u00f3 la Universidad Mar\u00edtima de Chile, creada por la Fundaci\u00f3n en 1990. Se agrega a los establecimientos indicados, numerosos programas de duraci\u00f3n definida y actividades de extensi\u00f3n que ejecuta la Fundaci\u00f3n como son las Brigadas de Mar, con m\u00e1s de 480 j\u00f3venes y los cursos de capacitaci\u00f3n de Seguridad Mar\u00edtima que se imparten en nuestras sedes a lo largo del pa\u00eds. Es as\u00ed, como la Fundaci\u00f3n \u201cAlmirante Carlos Condell\u201d navega en la actualidad por un mar promisorio con el apoyo de numerosas entidades que coadyuvan a la formaci\u00f3n y educaci\u00f3n de nuestros alumnos. Especial menci\u00f3n debe hacerse del apoyo que se recibe en esta X Regi\u00f3n, en la cual empresas y particulares se han comprometido con la labor desarrollada por el Instituto del Mar, en b\u00fasqueda de optimizar la educaci\u00f3n y obtener j\u00f3venes profesionales \u00edntegros capacitados para enfrentar el futuro<\/p>\t\t\t\t\t\t<\/div>\n\t\t\t\t<\/div>\n\t\t\t\t\t<\/div>\n\t\t<\/div>\n\t\t\t\t\t<\/div>\n\t\t<\/section>\n\t\t\t\t<section class=\"elementor-section elementor-top-section elementor-element elementor-element-1d1f5c0 elementor-section-full_width elementor-section-content-middle elementor-section-height-default elementor-section-height-default\" data-id=\"1d1f5c0\" data-element_type=\"section\">\n\t\t\t\t\t\t<div class=\"elementor-container elementor-column-gap-default\">\n\t\t\t\t\t<div class=\"elementor-column elementor-col-16 elementor-top-column elementor-element elementor-element-3e9b143 elementor-hidden-mobile\" data-id=\"3e9b143\" data-element_type=\"column\" data-settings=\"{&quot;background_background&quot;:&quot;classic&quot;}\">\n\t\t\t<div class=\"elementor-widget-wrap\">\n\t\t\t\t\t\t\t<\/div>\n\t\t<\/div>\n\t\t\t\t<div class=\"elementor-column elementor-col-66 elementor-top-column elementor-element elementor-element-d1d9a7e\" data-id=\"d1d9a7e\" data-element_type=\"column\">\n\t\t\t<div class=\"elementor-widget-wrap elementor-element-populated\">\n\t\t\t\t\t\t<div class=\"elementor-element elementor-element-6a84d90 elementor-widget elementor-widget-heading\" data-id=\"6a84d90\" data-element_type=\"widget\" data-widget_type=\"heading.default\">\n\t\t\t\t<div class=\"elementor-widget-container\">\n\t\t\t<h2 class=\"elementor-heading-title elementor-size-default\">BIOGRAF\u00cdA DE CAPIT\u00c1N WILLIAMS<\/h2>\t\t<\/div>\n\t\t\t\t<\/div>\n\t\t\t\t\t<\/div>\n\t\t<\/div>\n\t\t\t\t<div class=\"elementor-column elementor-col-16 elementor-top-column elementor-element elementor-element-4da70de\" data-id=\"4da70de\" data-element_type=\"column\">\n\t\t\t<div class=\"elementor-widget-wrap\">\n\t\t\t\t\t\t\t<\/div>\n\t\t<\/div>\n\t\t\t\t\t<\/div>\n\t\t<\/section>\n\t\t\t\t<section class=\"elementor-section elementor-top-section elementor-element elementor-element-3faa218 elementor-section-boxed elementor-section-height-default elementor-section-height-default\" data-id=\"3faa218\" data-element_type=\"section\">\n\t\t\t\t\t\t<div class=\"elementor-container elementor-column-gap-default\">\n\t\t\t\t\t<div class=\"elementor-column elementor-col-50 elementor-top-column elementor-element elementor-element-3ad2890\" data-id=\"3ad2890\" data-element_type=\"column\">\n\t\t\t<div class=\"elementor-widget-wrap elementor-element-populated\">\n\t\t\t\t\t\t<div class=\"elementor-element elementor-element-dccb52c elementor-widget elementor-widget-image\" data-id=\"dccb52c\" data-element_type=\"widget\" data-widget_type=\"image.default\">\n\t\t\t\t<div class=\"elementor-widget-container\">\n\t\t\t\t\t\t\t\t\t\t\t\t\t\t<a href=\"https:\/\/es.wikipedia.org\/wiki\/John_Williams_Wilson\">\n\t\t\t\t\t\t\t<img decoding=\"async\" width=\"200\" height=\"249\" src=\"https:\/\/idemar.cl\/inicio\/wp-content\/uploads\/2022\/12\/John_Williams_Wilson_1867.png\" class=\"attachment-medium size-medium wp-image-286\" alt=\"John_Williams_Wilson_1867\" \/>\t\t\t\t\t\t\t\t<\/a>\n\t\t\t\t\t\t\t\t\t\t\t\t\t<\/div>\n\t\t\t\t<\/div>\n\t\t\t\t<div class=\"elementor-element elementor-element-4a5b515 elementor-widget elementor-widget-text-editor\" data-id=\"4a5b515\" data-element_type=\"widget\" data-widget_type=\"text-editor.default\">\n\t\t\t\t<div class=\"elementor-widget-container\">\n\t\t\t\t\t\t\t<p>Marino Ingl\u00e9s que en el nombre de Chile tom\u00f3 posesi\u00f3n del estrecho de Magallanes en diciembre de 1843. Naci\u00f3 en la ciudad de Bristol, Inglaterra, en 1798. En 1818, a la edad de 20 a\u00f1os, llega a Chile a bordo del vapor \u201cLucy\u201d. Este vapor hab\u00eda sido comprado por nuestro gobierno para incrementar la flota mar\u00edtima. A temprana edad era ya un experto navegante, por cuanto su proyecto de vida siempre hab\u00eda girado en torno a su carrera naval.\u00a0<\/p>\t\t\t\t\t\t<\/div>\n\t\t\t\t<\/div>\n\t\t\t\t\t<\/div>\n\t\t<\/div>\n\t\t\t\t<div class=\"elementor-column elementor-col-50 elementor-top-column elementor-element elementor-element-3eaefce\" data-id=\"3eaefce\" data-element_type=\"column\" data-settings=\"{&quot;background_background&quot;:&quot;classic&quot;}\">\n\t\t\t<div class=\"elementor-widget-wrap elementor-element-populated\">\n\t\t\t\t\t<div class=\"elementor-background-overlay\"><\/div>\n\t\t\t\t\t\t<div class=\"elementor-element elementor-element-85359d0 elementor-widget elementor-widget-text-editor\" data-id=\"85359d0\" data-element_type=\"widget\" data-widget_type=\"text-editor.default\">\n\t\t\t\t<div class=\"elementor-widget-container\">\n\t\t\t\t\t\t\t<p>En Chile se cas\u00f3 con Gertrudis Rebolledo, por lo cual se radic\u00f3 definitivamente en Chile. De esa uni\u00f3n naci\u00f3 un hijo que se llam\u00f3 John Williams Rebolledo, quien m\u00e1s tarde ser\u00eda uno de los jefes de la Escuadra Chilena durante la Guerra del Pac\u00edfico. Williams Wilson tom\u00f3 parte en varias acciones mar\u00edtimas de importancia.<\/p><p>En 1840, a la edad de 42 a\u00f1os, fue nombrado Capit\u00e1n de Puerto en San Carlos de Ancud. En 1843, desde ese mismo lugar, por encargo del gobierno de Don Manuel Bulnes, zarp\u00f3 rumbo al sur para tomar posesi\u00f3n del Estrecho de Magallanes. El viaje lo hizo en la Goleta Ancud y fue construida en el sur bajo su propia supervisi\u00f3n. En el trayecto se encontr\u00f3 con el barco norteamericano \u201cEnterprise\u201d cuyo capit\u00e1n le proporcion\u00f3 un mapa del estrecho, confeccionado por sus compatriotas Fitz Roy. El viaje fue muy accidentado, e incluso por aver\u00edas, debi\u00f3 de permanecer un mes en las islas Guaitecas para realizar las reparaciones de su Goleta. En Septiembre de 1843, a la edad de 45 a\u00f1os, lleg\u00f3 a su destino y tom\u00f3 posesi\u00f3n del estrecho de Magallanes en nombre del Gobierno de Chile, fundando la colonia denominada Fuerte Bulnes, la cual ser\u00eda la base del poblamiento del extremo sur del pa\u00eds. En 1844, habiendo cumplido los 46 a\u00f1os de vida, fue nombrado gobernador de Punta Arenas. En 1855, fallece mientras desempe\u00f1aba el cargo de Capit\u00e1n de Puerto de Talcahuano, a los 57 a\u00f1os de edad.<\/p>\t\t\t\t\t\t<\/div>\n\t\t\t\t<\/div>\n\t\t\t\t\t<\/div>\n\t\t<\/div>\n\t\t\t\t\t<\/div>\n\t\t<\/section>\n\t\t\t\t<section class=\"elementor-section elementor-top-section elementor-element elementor-element-bca0f39 elementor-section-boxed elementor-section-height-default elementor-section-height-default\" data-id=\"bca0f39\" data-element_type=\"section\" data-settings=\"{&quot;background_background&quot;:&quot;classic&quot;}\">\n\t\t\t\t\t\t<div class=\"elementor-container elementor-column-gap-default\">\n\t\t\t\t\t<div class=\"elementor-column elementor-col-50 elementor-top-column elementor-element elementor-element-bbf376f\" data-id=\"bbf376f\" data-element_type=\"column\" data-settings=\"{&quot;background_background&quot;:&quot;classic&quot;}\">\n\t\t\t<div class=\"elementor-widget-wrap elementor-element-populated\">\n\t\t\t\t\t\t<div class=\"elementor-element elementor-element-b70bde2 elementor-view-default elementor-widget elementor-widget-icon\" data-id=\"b70bde2\" data-element_type=\"widget\" data-widget_type=\"icon.default\">\n\t\t\t\t<div class=\"elementor-widget-container\">\n\t\t\t\t\t<div class=\"elementor-icon-wrapper\">\n\t\t\t<div class=\"elementor-icon\">\n\t\t\t<i aria-hidden=\"true\" class=\"fas fa-university\"><\/i>\t\t\t<\/div>\n\t\t<\/div>\n\t\t\t\t<\/div>\n\t\t\t\t<\/div>\n\t\t\t\t<div class=\"elementor-element elementor-element-112b700 elementor-widget elementor-widget-heading\" data-id=\"112b700\" data-element_type=\"widget\" data-widget_type=\"heading.default\">\n\t\t\t\t<div class=\"elementor-widget-container\">\n\t\t\t<h3 class=\"elementor-heading-title elementor-size-default\">Misi\u00f3n<\/h3>\t\t<\/div>\n\t\t\t\t<\/div>\n\t\t\t\t<div class=\"elementor-element elementor-element-3f7ee8f elementor-widget elementor-widget-text-editor\" data-id=\"3f7ee8f\" data-element_type=\"widget\" data-widget_type=\"text-editor.default\">\n\t\t\t\t<div class=\"elementor-widget-container\">\n\t\t\t\t\t\t\t<p>Somos un liceo que forma estudiantes para enfrentar con e\u0301xito el campo laboral y\/o la continuidad de estudios, mediante la implementacio\u0301n de estrategias de aprendizaje que desarrollen las habilidades del siglo XXI, cumpliendo un rol social que atienda a la diversidad y al respeto de las tradiciones y expresiones culturales de Chiloe\u0301.<\/p>\t\t\t\t\t\t<\/div>\n\t\t\t\t<\/div>\n\t\t\t\t\t<\/div>\n\t\t<\/div>\n\t\t\t\t<div class=\"elementor-column elementor-col-50 elementor-top-column elementor-element elementor-element-4e8e1e7\" data-id=\"4e8e1e7\" data-element_type=\"column\" data-settings=\"{&quot;background_background&quot;:&quot;classic&quot;}\">\n\t\t\t<div class=\"elementor-widget-wrap elementor-element-populated\">\n\t\t\t\t\t\t<div class=\"elementor-element elementor-element-d3b2cbb elementor-view-default elementor-widget elementor-widget-icon\" data-id=\"d3b2cbb\" data-element_type=\"widget\" data-widget_type=\"icon.default\">\n\t\t\t\t<div class=\"elementor-widget-container\">\n\t\t\t\t\t<div class=\"elementor-icon-wrapper\">\n\t\t\t<div class=\"elementor-icon\">\n\t\t\t<i aria-hidden=\"true\" class=\"fas fa-user-graduate\"><\/i>\t\t\t<\/div>\n\t\t<\/div>\n\t\t\t\t<\/div>\n\t\t\t\t<\/div>\n\t\t\t\t<div class=\"elementor-element elementor-element-4bea620 elementor-widget elementor-widget-heading\" data-id=\"4bea620\" data-element_type=\"widget\" data-widget_type=\"heading.default\">\n\t\t\t\t<div class=\"elementor-widget-container\">\n\t\t\t<h3 class=\"elementor-heading-title elementor-size-default\">Visi\u00f3n<\/h3>\t\t<\/div>\n\t\t\t\t<\/div>\n\t\t\t\t<div class=\"elementor-element elementor-element-8dd0fb9 elementor-widget elementor-widget-text-editor\" data-id=\"8dd0fb9\" data-element_type=\"widget\" data-widget_type=\"text-editor.default\">\n\t\t\t\t<div class=\"elementor-widget-container\">\n\t\t\t\t\t\t\t<p>Liderar en la provincia de Chiloe\u0301 la educacio\u0301n de estudiantes que contribuyan a las necesidades productivas y sociales del territorio y a su desarrollo sustentable, a trave\u0301s de una formacio\u0301n inclusiva, valo\u0301rica y socioemocional, respetando las tradiciones y expresiones culturales para la construccio\u0301n de su proyecto de vida en el siglo XXI.<\/p>\t\t\t\t\t\t<\/div>\n\t\t\t\t<\/div>\n\t\t\t\t\t<\/div>\n\t\t<\/div>\n\t\t\t\t\t<\/div>\n\t\t<\/section>\n\t\t\t\t<section class=\"elementor-section elementor-top-section elementor-element elementor-element-79ebf1d elementor-section-full_width elementor-section-height-default elementor-section-height-default\" data-id=\"79ebf1d\" data-element_type=\"section\">\n\t\t\t\t\t\t<div class=\"elementor-container elementor-column-gap-default\">\n\t\t\t\t\t<div class=\"elementor-column elementor-col-16 elementor-top-column elementor-element elementor-element-b62d5ba elementor-hidden-mobile\" data-id=\"b62d5ba\" data-element_type=\"column\" data-settings=\"{&quot;background_background&quot;:&quot;classic&quot;}\">\n\t\t\t<div class=\"elementor-widget-wrap\">\n\t\t\t\t\t\t\t<\/div>\n\t\t<\/div>\n\t\t\t\t<div class=\"elementor-column elementor-col-66 elementor-top-column elementor-element elementor-element-9274d2b\" data-id=\"9274d2b\" data-element_type=\"column\">\n\t\t\t<div class=\"elementor-widget-wrap elementor-element-populated\">\n\t\t\t\t\t\t<div class=\"elementor-element elementor-element-460fd4c elementor-widget elementor-widget-heading\" data-id=\"460fd4c\" data-element_type=\"widget\" data-widget_type=\"heading.default\">\n\t\t\t\t<div class=\"elementor-widget-container\">\n\t\t\t<h2 class=\"elementor-heading-title elementor-size-default\">Sellos<\/h2>\t\t<\/div>\n\t\t\t\t<\/div>\n\t\t\t\t\t<\/div>\n\t\t<\/div>\n\t\t\t\t<div class=\"elementor-column elementor-col-16 elementor-top-column elementor-element elementor-element-a31bd2e\" data-id=\"a31bd2e\" data-element_type=\"column\">\n\t\t\t<div class=\"elementor-widget-wrap elementor-element-populated\">\n\t\t\t\t\t\t<div class=\"elementor-element elementor-element-914040e elementor-widget elementor-widget-text-editor\" data-id=\"914040e\" data-element_type=\"widget\" data-widget_type=\"text-editor.default\">\n\t\t\t\t<div class=\"elementor-widget-container\">\n\t\t\t\t\t\t\t<p>Nuestra propuesta formativa y educativa en la permanente b\u00fasqueda de mejora continua, establece los siguientes sellos que nos comprometemos a desarrollar:<\/p>\t\t\t\t\t\t<\/div>\n\t\t\t\t<\/div>\n\t\t\t\t\t<\/div>\n\t\t<\/div>\n\t\t\t\t\t<\/div>\n\t\t<\/section>\n\t\t\t\t<section class=\"elementor-section elementor-top-section elementor-element elementor-element-01ae887 elementor-section-boxed elementor-section-height-default elementor-section-height-default\" data-id=\"01ae887\" data-element_type=\"section\">\n\t\t\t\t\t\t<div class=\"elementor-container elementor-column-gap-default\">\n\t\t\t\t\t<div class=\"elementor-column elementor-col-50 elementor-top-column elementor-element elementor-element-643c10c\" data-id=\"643c10c\" data-element_type=\"column\">\n\t\t\t<div class=\"elementor-widget-wrap elementor-element-populated\">\n\t\t\t\t\t\t<div class=\"elementor-element elementor-element-9fed011 elementor-widget elementor-widget-heading\" data-id=\"9fed011\" data-element_type=\"widget\" data-widget_type=\"heading.default\">\n\t\t\t\t<div class=\"elementor-widget-container\">\n\t\t\t<h2 class=\"elementor-heading-title elementor-size-default\">\u2713\tEducaci\u00f3n centrada en el aprendizaje y en el desarrollo de habilidades socioemocionales<\/h2>\t\t<\/div>\n\t\t\t\t<\/div>\n\t\t\t\t\t<\/div>\n\t\t<\/div>\n\t\t\t\t<div class=\"elementor-column elementor-col-50 elementor-top-column elementor-element elementor-element-f6aa21e\" data-id=\"f6aa21e\" data-element_type=\"column\" data-settings=\"{&quot;background_background&quot;:&quot;classic&quot;}\">\n\t\t\t<div class=\"elementor-widget-wrap elementor-element-populated\">\n\t\t\t\t\t\t<div class=\"elementor-element elementor-element-8f4de57 elementor-widget elementor-widget-text-editor\" data-id=\"8f4de57\" data-element_type=\"widget\" data-widget_type=\"text-editor.default\">\n\t\t\t\t<div class=\"elementor-widget-container\">\n\t\t\t\t\t\t\t<p>Nuestro proceso de ense\u00f1anza\u2013aprendizaje se caracteriza por ser activo y participativo, impregnado fuertemente del \u00e1mbito formativo y socioemocional; con el prop\u00f3sito de formar estudiantes aut\u00f3nomos en su proceso educativo. En esta dicotom\u00eda \u201cense\u00f1anza\u2013aprendizaje\u201d se fundamenta la necesidad de actualizaci\u00f3n permanente, es por ello que se establecen procesos de alfabetizaci\u00f3n emocional para toda la comunidad educativa, as\u00ed como la incorporaci\u00f3n de estas materias al curr\u00edculum institucional<\/p>\t\t\t\t\t\t<\/div>\n\t\t\t\t<\/div>\n\t\t\t\t\t<\/div>\n\t\t<\/div>\n\t\t\t\t\t<\/div>\n\t\t<\/section>\n\t\t\t\t<section class=\"elementor-section elementor-top-section elementor-element elementor-element-6281f6c elementor-reverse-mobile elementor-section-boxed elementor-section-height-default elementor-section-height-default\" data-id=\"6281f6c\" data-element_type=\"section\">\n\t\t\t\t\t\t<div class=\"elementor-container elementor-column-gap-default\">\n\t\t\t\t\t<div class=\"elementor-column elementor-col-50 elementor-top-column elementor-element elementor-element-0876464\" data-id=\"0876464\" data-element_type=\"column\" data-settings=\"{&quot;background_background&quot;:&quot;classic&quot;}\">\n\t\t\t<div class=\"elementor-widget-wrap elementor-element-populated\">\n\t\t\t\t\t\t<div class=\"elementor-element elementor-element-8093e6f elementor-widget elementor-widget-text-editor\" data-id=\"8093e6f\" data-element_type=\"widget\" data-widget_type=\"text-editor.default\">\n\t\t\t\t<div class=\"elementor-widget-container\">\n\t\t\t\t\t\t\t<p>La realizaci\u00f3n se alcanza mediante la sucesi\u00f3n de logros personales, lo que requiere tomar decisiones de forma responsable y consciente. Frente a esto, formamos a nuestros estudiantes en base a competencias para la empleabilidad, entregando orientaci\u00f3n vocacional y profesional durante todo el proceso formativo. Nuestra instituci\u00f3n otorga estrategias de formaci\u00f3n en alternancia, mediante oportunidades de pasant\u00edas y\/o pr\u00e1cticas duales que vinculan tempranamente a nuestros estudiantes con el medio productivo. A su vez, entregamos herramientas y orientaciones relacionadas con las alternativas acad\u00e9micas y la continuidad de estudios.<\/p>\t\t\t\t\t\t<\/div>\n\t\t\t\t<\/div>\n\t\t\t\t\t<\/div>\n\t\t<\/div>\n\t\t\t\t<div class=\"elementor-column elementor-col-50 elementor-top-column elementor-element elementor-element-d81182c\" data-id=\"d81182c\" data-element_type=\"column\">\n\t\t\t<div class=\"elementor-widget-wrap elementor-element-populated\">\n\t\t\t\t\t\t<div class=\"elementor-element elementor-element-f611149 elementor-widget elementor-widget-heading\" data-id=\"f611149\" data-element_type=\"widget\" data-widget_type=\"heading.default\">\n\t\t\t\t<div class=\"elementor-widget-container\">\n\t\t\t<h2 class=\"elementor-heading-title elementor-size-default\">\u2713\tFormaci\u00f3n del estudiante para la vida laboral, educaci\u00f3n superior y proyecto de vida.  <\/h2>\t\t<\/div>\n\t\t\t\t<\/div>\n\t\t\t\t\t<\/div>\n\t\t<\/div>\n\t\t\t\t\t<\/div>\n\t\t<\/section>\n\t\t\t\t<section class=\"elementor-section elementor-top-section elementor-element elementor-element-d085c17 elementor-section-boxed elementor-section-height-default elementor-section-height-default\" data-id=\"d085c17\" data-element_type=\"section\">\n\t\t\t\t\t\t<div class=\"elementor-container elementor-column-gap-default\">\n\t\t\t\t\t<div class=\"elementor-column elementor-col-50 elementor-top-column elementor-element elementor-element-fd1488d\" data-id=\"fd1488d\" data-element_type=\"column\">\n\t\t\t<div class=\"elementor-widget-wrap elementor-element-populated\">\n\t\t\t\t\t\t<div class=\"elementor-element elementor-element-14ee647 elementor-widget elementor-widget-heading\" data-id=\"14ee647\" data-element_type=\"widget\" data-widget_type=\"heading.default\">\n\t\t\t\t<div class=\"elementor-widget-container\">\n\t\t\t<h2 class=\"elementor-heading-title elementor-size-default\">\u2713\tCompromiso con lo cultural, social, vida sana, medioambiental y la conciencia mar\u00edtima.<\/h2>\t\t<\/div>\n\t\t\t\t<\/div>\n\t\t\t\t\t<\/div>\n\t\t<\/div>\n\t\t\t\t<div class=\"elementor-column elementor-col-50 elementor-top-column elementor-element elementor-element-c1dd765\" data-id=\"c1dd765\" data-element_type=\"column\" data-settings=\"{&quot;background_background&quot;:&quot;classic&quot;}\">\n\t\t\t<div class=\"elementor-widget-wrap elementor-element-populated\">\n\t\t\t\t\t\t<div class=\"elementor-element elementor-element-08b8a1b elementor-widget elementor-widget-text-editor\" data-id=\"08b8a1b\" data-element_type=\"widget\" data-widget_type=\"text-editor.default\">\n\t\t\t\t<div class=\"elementor-widget-container\">\n\t\t\t\t\t\t\t<p>Bajo la premisa \u201c<em>nadie ama lo que no conoce<\/em>\u201d, se fundamenta la necesidad de presentar al estudiante un repertorio de habilidades que le permitan conectar con su entorno cultural y social. Es por ello que fomentamos el razonamiento cr\u00edtico en los estudiantes para movilizarlos hacia un ser humano responsable y sensible socialmente, consciente de la realidad y la vida saludable.<\/p><p>La importancia del mar en el desarrollo econ\u00f3mico, en la conectividad y la productividad de la zona sur austral nos demandan una s\u00f3lida formaci\u00f3n de personas con una impronta mar\u00edtima, que inculcamos tempranamente con actividades n\u00e1uticas-mar\u00edtimas.<\/p>\t\t\t\t\t\t<\/div>\n\t\t\t\t<\/div>\n\t\t\t\t\t<\/div>\n\t\t<\/div>\n\t\t\t\t\t<\/div>\n\t\t<\/section>\n\t\t\t\t<section class=\"elementor-section elementor-top-section elementor-element elementor-element-f4a3abf elementor-reverse-mobile elementor-section-boxed elementor-section-height-default elementor-section-height-default\" data-id=\"f4a3abf\" data-element_type=\"section\">\n\t\t\t\t\t\t<div class=\"elementor-container elementor-column-gap-default\">\n\t\t\t\t\t<div class=\"elementor-column elementor-col-50 elementor-top-column elementor-element elementor-element-0da7af6\" data-id=\"0da7af6\" data-element_type=\"column\" data-settings=\"{&quot;background_background&quot;:&quot;classic&quot;}\">\n\t\t\t<div class=\"elementor-widget-wrap elementor-element-populated\">\n\t\t\t\t\t\t<div class=\"elementor-element elementor-element-e1128a3 elementor-widget elementor-widget-text-editor\" data-id=\"e1128a3\" data-element_type=\"widget\" data-widget_type=\"text-editor.default\">\n\t\t\t\t<div class=\"elementor-widget-container\">\n\t\t\t\t\t\t\t<p>Nuestra comunidad valora y aprecia la dignidad de cada ser humano, con sus pensamientos, comportamientos y manifestaciones.<br>Propiciamos el respeto, la empat\u00eda y la tolerancia en la diversidad a cada persona miembro de nuestra comunidad.<br>Asimismo, valoramos en nuestra comunidad la inclusi\u00f3n, generando los espacios de informaci\u00f3n y de reflexi\u00f3n al respecto.<\/p>\t\t\t\t\t\t<\/div>\n\t\t\t\t<\/div>\n\t\t\t\t\t<\/div>\n\t\t<\/div>\n\t\t\t\t<div class=\"elementor-column elementor-col-50 elementor-top-column elementor-element elementor-element-a5a6829\" data-id=\"a5a6829\" data-element_type=\"column\">\n\t\t\t<div class=\"elementor-widget-wrap elementor-element-populated\">\n\t\t\t\t\t\t<div class=\"elementor-element elementor-element-ea43ed5 elementor-widget elementor-widget-heading\" data-id=\"ea43ed5\" data-element_type=\"widget\" data-widget_type=\"heading.default\">\n\t\t\t\t<div class=\"elementor-widget-container\">\n\t\t\t<h2 class=\"elementor-heading-title elementor-size-default\">\u2713\tValoraci\u00f3n de la Diversidad y la Inclusi\u00f3n.<\/h2>\t\t<\/div>\n\t\t\t\t<\/div>\n\t\t\t\t\t<\/div>\n\t\t<\/div>\n\t\t\t\t\t<\/div>\n\t\t<\/section>\n\t\t\t\t<section class=\"elementor-section elementor-top-section elementor-element elementor-element-65874ab elementor-section-full_width elementor-section-height-default elementor-section-height-default\" data-id=\"65874ab\" data-element_type=\"section\">\n\t\t\t\t\t\t<div class=\"elementor-container elementor-column-gap-default\">\n\t\t\t\t\t<div class=\"elementor-column elementor-col-16 elementor-top-column elementor-element elementor-element-964b6dd elementor-hidden-mobile\" data-id=\"964b6dd\" data-element_type=\"column\" data-settings=\"{&quot;background_background&quot;:&quot;classic&quot;}\">\n\t\t\t<div class=\"elementor-widget-wrap\">\n\t\t\t\t\t\t\t<\/div>\n\t\t<\/div>\n\t\t\t\t<div class=\"elementor-column elementor-col-66 elementor-top-column elementor-element elementor-element-06f697e\" data-id=\"06f697e\" data-element_type=\"column\">\n\t\t\t<div class=\"elementor-widget-wrap elementor-element-populated\">\n\t\t\t\t\t\t<div class=\"elementor-element elementor-element-189ab11 elementor-widget elementor-widget-heading\" data-id=\"189ab11\" data-element_type=\"widget\" data-widget_type=\"heading.default\">\n\t\t\t\t<div class=\"elementor-widget-container\">\n\t\t\t<h2 class=\"elementor-heading-title elementor-size-default\">Especialidades<\/h2>\t\t<\/div>\n\t\t\t\t<\/div>\n\t\t\t\t\t<\/div>\n\t\t<\/div>\n\t\t\t\t<div class=\"elementor-column elementor-col-16 elementor-top-column elementor-element elementor-element-b7ffc75\" data-id=\"b7ffc75\" data-element_type=\"column\">\n\t\t\t<div class=\"elementor-widget-wrap\">\n\t\t\t\t\t\t\t<\/div>\n\t\t<\/div>\n\t\t\t\t\t<\/div>\n\t\t<\/section>\n\t\t\t\t<section class=\"elementor-section elementor-top-section elementor-element elementor-element-e68f022 elementor-section-boxed elementor-section-height-default elementor-section-height-default\" data-id=\"e68f022\" data-element_type=\"section\">\n\t\t\t\t\t\t<div class=\"elementor-container elementor-column-gap-default\">\n\t\t\t\t\t<div class=\"elementor-column elementor-col-25 elementor-top-column elementor-element elementor-element-90ab446\" data-id=\"90ab446\" data-element_type=\"column\" data-settings=\"{&quot;background_background&quot;:&quot;classic&quot;}\">\n\t\t\t<div class=\"elementor-widget-wrap elementor-element-populated\">\n\t\t\t\t\t<div class=\"elementor-background-overlay\"><\/div>\n\t\t\t\t\t\t<div class=\"elementor-element elementor-element-480f607 elementor-widget elementor-widget-spacer\" data-id=\"480f607\" data-element_type=\"widget\" data-widget_type=\"spacer.default\">\n\t\t\t\t<div class=\"elementor-widget-container\">\n\t\t\t<style>\/*! elementor - v3.20.0 - 26-03-2024 *\/\n.elementor-column .elementor-spacer-inner{height:var(--spacer-size)}.e-con{--container-widget-width:100%}.e-con-inner>.elementor-widget-spacer,.e-con>.elementor-widget-spacer{width:var(--container-widget-width,var(--spacer-size));--align-self:var(--container-widget-align-self,initial);--flex-shrink:0}.e-con-inner>.elementor-widget-spacer>.elementor-widget-container,.e-con>.elementor-widget-spacer>.elementor-widget-container{height:100%;width:100%}.e-con-inner>.elementor-widget-spacer>.elementor-widget-container>.elementor-spacer,.e-con>.elementor-widget-spacer>.elementor-widget-container>.elementor-spacer{height:100%}.e-con-inner>.elementor-widget-spacer>.elementor-widget-container>.elementor-spacer>.elementor-spacer-inner,.e-con>.elementor-widget-spacer>.elementor-widget-container>.elementor-spacer>.elementor-spacer-inner{height:var(--container-widget-height,var(--spacer-size))}.e-con-inner>.elementor-widget-spacer.elementor-widget-empty,.e-con>.elementor-widget-spacer.elementor-widget-empty{position:relative;min-height:22px;min-width:22px}.e-con-inner>.elementor-widget-spacer.elementor-widget-empty .elementor-widget-empty-icon,.e-con>.elementor-widget-spacer.elementor-widget-empty .elementor-widget-empty-icon{position:absolute;top:0;bottom:0;left:0;right:0;margin:auto;padding:0;width:22px;height:22px}<\/style>\t\t<div class=\"elementor-spacer\">\n\t\t\t<div class=\"elementor-spacer-inner\"><\/div>\n\t\t<\/div>\n\t\t\t\t<\/div>\n\t\t\t\t<\/div>\n\t\t\t\t\t<\/div>\n\t\t<\/div>\n\t\t\t\t<div class=\"elementor-column elementor-col-25 elementor-top-column elementor-element elementor-element-0500fbb\" data-id=\"0500fbb\" data-element_type=\"column\" data-settings=\"{&quot;background_background&quot;:&quot;classic&quot;}\">\n\t\t\t<div class=\"elementor-widget-wrap elementor-element-populated\">\n\t\t\t\t\t\t<div class=\"elementor-element elementor-element-15c55cb elementor-widget elementor-widget-heading\" data-id=\"15c55cb\" data-element_type=\"widget\" data-widget_type=\"heading.default\">\n\t\t\t\t<div class=\"elementor-widget-container\">\n\t\t\t<h2 class=\"elementor-heading-title elementor-size-default\">Tripulaci\u00f3n de Naves Mercantes y Especiales <\/h2>\t\t<\/div>\n\t\t\t\t<\/div>\n\t\t\t\t<div class=\"elementor-element elementor-element-cbd00db elementor-widget-divider--view-line elementor-widget elementor-widget-divider\" data-id=\"cbd00db\" data-element_type=\"widget\" data-widget_type=\"divider.default\">\n\t\t\t\t<div class=\"elementor-widget-container\">\n\t\t\t<style>\/*! elementor - v3.20.0 - 26-03-2024 *\/\n.elementor-widget-divider{--divider-border-style:none;--divider-border-width:1px;--divider-color:#0c0d0e;--divider-icon-size:20px;--divider-element-spacing:10px;--divider-pattern-height:24px;--divider-pattern-size:20px;--divider-pattern-url:none;--divider-pattern-repeat:repeat-x}.elementor-widget-divider .elementor-divider{display:flex}.elementor-widget-divider .elementor-divider__text{font-size:15px;line-height:1;max-width:95%}.elementor-widget-divider .elementor-divider__element{margin:0 var(--divider-element-spacing);flex-shrink:0}.elementor-widget-divider .elementor-icon{font-size:var(--divider-icon-size)}.elementor-widget-divider .elementor-divider-separator{display:flex;margin:0;direction:ltr}.elementor-widget-divider--view-line_icon .elementor-divider-separator,.elementor-widget-divider--view-line_text .elementor-divider-separator{align-items:center}.elementor-widget-divider--view-line_icon .elementor-divider-separator:after,.elementor-widget-divider--view-line_icon .elementor-divider-separator:before,.elementor-widget-divider--view-line_text .elementor-divider-separator:after,.elementor-widget-divider--view-line_text .elementor-divider-separator:before{display:block;content:\"\";border-block-end:0;flex-grow:1;border-block-start:var(--divider-border-width) var(--divider-border-style) var(--divider-color)}.elementor-widget-divider--element-align-left .elementor-divider .elementor-divider-separator>.elementor-divider__svg:first-of-type{flex-grow:0;flex-shrink:100}.elementor-widget-divider--element-align-left .elementor-divider-separator:before{content:none}.elementor-widget-divider--element-align-left .elementor-divider__element{margin-left:0}.elementor-widget-divider--element-align-right .elementor-divider .elementor-divider-separator>.elementor-divider__svg:last-of-type{flex-grow:0;flex-shrink:100}.elementor-widget-divider--element-align-right .elementor-divider-separator:after{content:none}.elementor-widget-divider--element-align-right .elementor-divider__element{margin-right:0}.elementor-widget-divider--element-align-start .elementor-divider .elementor-divider-separator>.elementor-divider__svg:first-of-type{flex-grow:0;flex-shrink:100}.elementor-widget-divider--element-align-start .elementor-divider-separator:before{content:none}.elementor-widget-divider--element-align-start .elementor-divider__element{margin-inline-start:0}.elementor-widget-divider--element-align-end .elementor-divider .elementor-divider-separator>.elementor-divider__svg:last-of-type{flex-grow:0;flex-shrink:100}.elementor-widget-divider--element-align-end .elementor-divider-separator:after{content:none}.elementor-widget-divider--element-align-end .elementor-divider__element{margin-inline-end:0}.elementor-widget-divider:not(.elementor-widget-divider--view-line_text):not(.elementor-widget-divider--view-line_icon) .elementor-divider-separator{border-block-start:var(--divider-border-width) var(--divider-border-style) var(--divider-color)}.elementor-widget-divider--separator-type-pattern{--divider-border-style:none}.elementor-widget-divider--separator-type-pattern.elementor-widget-divider--view-line .elementor-divider-separator,.elementor-widget-divider--separator-type-pattern:not(.elementor-widget-divider--view-line) .elementor-divider-separator:after,.elementor-widget-divider--separator-type-pattern:not(.elementor-widget-divider--view-line) .elementor-divider-separator:before,.elementor-widget-divider--separator-type-pattern:not([class*=elementor-widget-divider--view]) .elementor-divider-separator{width:100%;min-height:var(--divider-pattern-height);-webkit-mask-size:var(--divider-pattern-size) 100%;mask-size:var(--divider-pattern-size) 100%;-webkit-mask-repeat:var(--divider-pattern-repeat);mask-repeat:var(--divider-pattern-repeat);background-color:var(--divider-color);-webkit-mask-image:var(--divider-pattern-url);mask-image:var(--divider-pattern-url)}.elementor-widget-divider--no-spacing{--divider-pattern-size:auto}.elementor-widget-divider--bg-round{--divider-pattern-repeat:round}.rtl .elementor-widget-divider .elementor-divider__text{direction:rtl}.e-con-inner>.elementor-widget-divider,.e-con>.elementor-widget-divider{width:var(--container-widget-width,100%);--flex-grow:var(--container-widget-flex-grow)}<\/style>\t\t<div class=\"elementor-divider\">\n\t\t\t<span class=\"elementor-divider-separator\">\n\t\t\t\t\t\t<\/span>\n\t\t<\/div>\n\t\t\t\t<\/div>\n\t\t\t\t<\/div>\n\t\t\t\t<div class=\"elementor-element elementor-element-758cb35 elementor-align-justify elementor-widget elementor-widget-button\" data-id=\"758cb35\" data-element_type=\"widget\" data-widget_type=\"button.default\">\n\t\t\t\t<div class=\"elementor-widget-container\">\n\t\t\t\t\t<div class=\"elementor-button-wrapper\">\n\t\t\t<a class=\"elementor-button elementor-button-link elementor-size-sm\" href=\"https:\/\/idemar.cl\/inicio\/tripulacion-de-naves-mercantes-y-especiales\/\">\n\t\t\t\t\t\t<span class=\"elementor-button-content-wrapper\">\n\t\t\t\t\t\t<span class=\"elementor-button-icon elementor-align-icon-right\">\n\t\t\t\t<i aria-hidden=\"true\" class=\"fas fa-caret-right\"><\/i>\t\t\t<\/span>\n\t\t\t\t\t\t<span class=\"elementor-button-text\">M\u00e1s informaci\u00f3n<\/span>\n\t\t<\/span>\n\t\t\t\t\t<\/a>\n\t\t<\/div>\n\t\t\t\t<\/div>\n\t\t\t\t<\/div>\n\t\t\t\t\t<\/div>\n\t\t<\/div>\n\t\t\t\t<div class=\"elementor-column elementor-col-25 elementor-top-column elementor-element elementor-element-fa82ac8\" data-id=\"fa82ac8\" data-element_type=\"column\" data-settings=\"{&quot;background_background&quot;:&quot;classic&quot;}\">\n\t\t\t<div class=\"elementor-widget-wrap elementor-element-populated\">\n\t\t\t\t\t<div class=\"elementor-background-overlay\"><\/div>\n\t\t\t\t\t\t<div class=\"elementor-element elementor-element-8ddfd40 elementor-widget elementor-widget-spacer\" data-id=\"8ddfd40\" data-element_type=\"widget\" data-widget_type=\"spacer.default\">\n\t\t\t\t<div class=\"elementor-widget-container\">\n\t\t\t\t\t<div class=\"elementor-spacer\">\n\t\t\t<div class=\"elementor-spacer-inner\"><\/div>\n\t\t<\/div>\n\t\t\t\t<\/div>\n\t\t\t\t<\/div>\n\t\t\t\t\t<\/div>\n\t\t<\/div>\n\t\t\t\t<div class=\"elementor-column elementor-col-25 elementor-top-column elementor-element elementor-element-1256f8c\" data-id=\"1256f8c\" data-element_type=\"column\" data-settings=\"{&quot;background_background&quot;:&quot;classic&quot;}\">\n\t\t\t<div class=\"elementor-widget-wrap elementor-element-populated\">\n\t\t\t\t\t\t<div class=\"elementor-element elementor-element-b255885 elementor-widget elementor-widget-heading\" data-id=\"b255885\" data-element_type=\"widget\" data-widget_type=\"heading.default\">\n\t\t\t\t<div class=\"elementor-widget-container\">\n\t\t\t<h2 class=\"elementor-heading-title elementor-size-default\">Acuicultura<\/h2>\t\t<\/div>\n\t\t\t\t<\/div>\n\t\t\t\t<div class=\"elementor-element elementor-element-a1656e0 elementor-widget-divider--view-line elementor-widget elementor-widget-divider\" data-id=\"a1656e0\" data-element_type=\"widget\" data-widget_type=\"divider.default\">\n\t\t\t\t<div class=\"elementor-widget-container\">\n\t\t\t\t\t<div class=\"elementor-divider\">\n\t\t\t<span class=\"elementor-divider-separator\">\n\t\t\t\t\t\t<\/span>\n\t\t<\/div>\n\t\t\t\t<\/div>\n\t\t\t\t<\/div>\n\t\t\t\t<div class=\"elementor-element elementor-element-d9ea1d9 elementor-align-justify elementor-widget elementor-widget-button\" data-id=\"d9ea1d9\" data-element_type=\"widget\" data-widget_type=\"button.default\">\n\t\t\t\t<div class=\"elementor-widget-container\">\n\t\t\t\t\t<div class=\"elementor-button-wrapper\">\n\t\t\t<a class=\"elementor-button elementor-button-link elementor-size-sm\" href=\"https:\/\/idemar.cl\/inicio\/acuicultura\/\">\n\t\t\t\t\t\t<span class=\"elementor-button-content-wrapper\">\n\t\t\t\t\t\t<span class=\"elementor-button-icon elementor-align-icon-right\">\n\t\t\t\t<i aria-hidden=\"true\" class=\"fas fa-caret-right\"><\/i>\t\t\t<\/span>\n\t\t\t\t\t\t<span class=\"elementor-button-text\">M\u00e1s informaci\u00f3n<\/span>\n\t\t<\/span>\n\t\t\t\t\t<\/a>\n\t\t<\/div>\n\t\t\t\t<\/div>\n\t\t\t\t<\/div>\n\t\t\t\t\t<\/div>\n\t\t<\/div>\n\t\t\t\t\t<\/div>\n\t\t<\/section>\n\t\t\t\t<section class=\"elementor-section elementor-top-section elementor-element elementor-element-2cb8e5a elementor-section-boxed elementor-section-height-default elementor-section-height-default\" data-id=\"2cb8e5a\" data-element_type=\"section\">\n\t\t\t\t\t\t<div class=\"elementor-container elementor-column-gap-default\">\n\t\t\t\t\t<div class=\"elementor-column elementor-col-25 elementor-top-column elementor-element elementor-element-b266352\" data-id=\"b266352\" data-element_type=\"column\" data-settings=\"{&quot;background_background&quot;:&quot;classic&quot;}\">\n\t\t\t<div class=\"elementor-widget-wrap elementor-element-populated\">\n\t\t\t\t\t<div class=\"elementor-background-overlay\"><\/div>\n\t\t\t\t\t\t<div class=\"elementor-element elementor-element-ba5a9c4 elementor-widget elementor-widget-spacer\" data-id=\"ba5a9c4\" data-element_type=\"widget\" data-widget_type=\"spacer.default\">\n\t\t\t\t<div class=\"elementor-widget-container\">\n\t\t\t\t\t<div class=\"elementor-spacer\">\n\t\t\t<div class=\"elementor-spacer-inner\"><\/div>\n\t\t<\/div>\n\t\t\t\t<\/div>\n\t\t\t\t<\/div>\n\t\t\t\t\t<\/div>\n\t\t<\/div>\n\t\t\t\t<div class=\"elementor-column elementor-col-25 elementor-top-column elementor-element elementor-element-5aad96a\" data-id=\"5aad96a\" data-element_type=\"column\" data-settings=\"{&quot;background_background&quot;:&quot;classic&quot;}\">\n\t\t\t<div class=\"elementor-widget-wrap elementor-element-populated\">\n\t\t\t\t\t\t<div class=\"elementor-element elementor-element-d554506 elementor-widget elementor-widget-heading\" data-id=\"d554506\" data-element_type=\"widget\" data-widget_type=\"heading.default\">\n\t\t\t\t<div class=\"elementor-widget-container\">\n\t\t\t<h2 class=\"elementor-heading-title elementor-size-default\">Elaboraci\u00f3n Industrial de Alimentos<\/h2>\t\t<\/div>\n\t\t\t\t<\/div>\n\t\t\t\t<div class=\"elementor-element elementor-element-7d5e9be elementor-widget-divider--view-line elementor-widget elementor-widget-divider\" data-id=\"7d5e9be\" data-element_type=\"widget\" data-widget_type=\"divider.default\">\n\t\t\t\t<div class=\"elementor-widget-container\">\n\t\t\t\t\t<div class=\"elementor-divider\">\n\t\t\t<span class=\"elementor-divider-separator\">\n\t\t\t\t\t\t<\/span>\n\t\t<\/div>\n\t\t\t\t<\/div>\n\t\t\t\t<\/div>\n\t\t\t\t<div class=\"elementor-element elementor-element-dca8274 elementor-align-justify elementor-widget elementor-widget-button\" data-id=\"dca8274\" data-element_type=\"widget\" data-widget_type=\"button.default\">\n\t\t\t\t<div class=\"elementor-widget-container\">\n\t\t\t\t\t<div class=\"elementor-button-wrapper\">\n\t\t\t<a class=\"elementor-button elementor-button-link elementor-size-sm\" href=\"https:\/\/idemar.cl\/inicio\/elaboracion-industrial-de-alimentos\/\">\n\t\t\t\t\t\t<span class=\"elementor-button-content-wrapper\">\n\t\t\t\t\t\t<span class=\"elementor-button-icon elementor-align-icon-right\">\n\t\t\t\t<i aria-hidden=\"true\" class=\"fas fa-caret-right\"><\/i>\t\t\t<\/span>\n\t\t\t\t\t\t<span class=\"elementor-button-text\">M\u00e1s informaci\u00f3n<\/span>\n\t\t<\/span>\n\t\t\t\t\t<\/a>\n\t\t<\/div>\n\t\t\t\t<\/div>\n\t\t\t\t<\/div>\n\t\t\t\t\t<\/div>\n\t\t<\/div>\n\t\t\t\t<div class=\"elementor-column elementor-col-25 elementor-top-column elementor-element elementor-element-463b1b8\" data-id=\"463b1b8\" data-element_type=\"column\" data-settings=\"{&quot;background_background&quot;:&quot;classic&quot;}\">\n\t\t\t<div class=\"elementor-widget-wrap elementor-element-populated\">\n\t\t\t\t\t<div class=\"elementor-background-overlay\"><\/div>\n\t\t\t\t\t\t<div class=\"elementor-element elementor-element-eac394e elementor-widget elementor-widget-spacer\" data-id=\"eac394e\" data-element_type=\"widget\" data-widget_type=\"spacer.default\">\n\t\t\t\t<div class=\"elementor-widget-container\">\n\t\t\t\t\t<div class=\"elementor-spacer\">\n\t\t\t<div class=\"elementor-spacer-inner\"><\/div>\n\t\t<\/div>\n\t\t\t\t<\/div>\n\t\t\t\t<\/div>\n\t\t\t\t\t<\/div>\n\t\t<\/div>\n\t\t\t\t<div class=\"elementor-column elementor-col-25 elementor-top-column elementor-element elementor-element-cd1a60c\" data-id=\"cd1a60c\" data-element_type=\"column\" data-settings=\"{&quot;background_background&quot;:&quot;classic&quot;}\">\n\t\t\t<div class=\"elementor-widget-wrap elementor-element-populated\">\n\t\t\t\t\t\t<div class=\"elementor-element elementor-element-0274c84 elementor-widget elementor-widget-heading\" data-id=\"0274c84\" data-element_type=\"widget\" data-widget_type=\"heading.default\">\n\t\t\t\t<div class=\"elementor-widget-container\">\n\t\t\t<h2 class=\"elementor-heading-title elementor-size-default\">Electricidad<\/h2>\t\t<\/div>\n\t\t\t\t<\/div>\n\t\t\t\t<div class=\"elementor-element elementor-element-1349cfb elementor-widget-divider--view-line elementor-widget elementor-widget-divider\" data-id=\"1349cfb\" data-element_type=\"widget\" data-widget_type=\"divider.default\">\n\t\t\t\t<div class=\"elementor-widget-container\">\n\t\t\t\t\t<div class=\"elementor-divider\">\n\t\t\t<span class=\"elementor-divider-separator\">\n\t\t\t\t\t\t<\/span>\n\t\t<\/div>\n\t\t\t\t<\/div>\n\t\t\t\t<\/div>\n\t\t\t\t<div class=\"elementor-element elementor-element-ee7a03f elementor-align-justify elementor-widget elementor-widget-button\" data-id=\"ee7a03f\" data-element_type=\"widget\" data-widget_type=\"button.default\">\n\t\t\t\t<div class=\"elementor-widget-container\">\n\t\t\t\t\t<div class=\"elementor-button-wrapper\">\n\t\t\t<a class=\"elementor-button elementor-button-link elementor-size-sm\" href=\"https:\/\/idemar.cl\/inicio\/electricidad\/\">\n\t\t\t\t\t\t<span class=\"elementor-button-content-wrapper\">\n\t\t\t\t\t\t<span class=\"elementor-button-icon elementor-align-icon-right\">\n\t\t\t\t<i aria-hidden=\"true\" class=\"fas fa-caret-right\"><\/i>\t\t\t<\/span>\n\t\t\t\t\t\t<span class=\"elementor-button-text\">M\u00e1s informaci\u00f3n<\/span>\n\t\t<\/span>\n\t\t\t\t\t<\/a>\n\t\t<\/div>\n\t\t\t\t<\/div>\n\t\t\t\t<\/div>\n\t\t\t\t\t<\/div>\n\t\t<\/div>\n\t\t\t\t\t<\/div>\n\t\t<\/section>\n\t\t\t\t<section class=\"elementor-section elementor-top-section elementor-element elementor-element-278571a elementor-section-boxed elementor-section-height-default elementor-section-height-default\" data-id=\"278571a\" data-element_type=\"section\">\n\t\t\t\t\t\t<div class=\"elementor-container elementor-column-gap-default\">\n\t\t\t\t\t<div class=\"elementor-column elementor-col-50 elementor-top-column elementor-element elementor-element-767cf0e\" data-id=\"767cf0e\" data-element_type=\"column\" data-settings=\"{&quot;background_background&quot;:&quot;classic&quot;}\">\n\t\t\t<div class=\"elementor-widget-wrap elementor-element-populated\">\n\t\t\t\t\t\t<div class=\"elementor-element elementor-element-f847eab elementor-widget elementor-widget-image\" data-id=\"f847eab\" data-element_type=\"widget\" data-widget_type=\"image.default\">\n\t\t\t\t<div class=\"elementor-widget-container\">\n\t\t\t\t\t\t\t\t\t\t\t\t\t<img fetchpriority=\"high\" decoding=\"async\" width=\"2500\" height=\"2500\" src=\"https:\/\/idemar.cl\/inicio\/wp-content\/uploads\/2022\/12\/profesores-idemar-copia.jpg\" class=\"elementor-animation-bob attachment-full size-full wp-image-304\" alt=\"\" srcset=\"https:\/\/idemar.cl\/inicio\/wp-content\/uploads\/2022\/12\/profesores-idemar-copia.jpg 2500w, https:\/\/idemar.cl\/inicio\/wp-content\/uploads\/2022\/12\/profesores-idemar-copia-500x500.jpg 500w, https:\/\/idemar.cl\/inicio\/wp-content\/uploads\/2022\/12\/profesores-idemar-copia-300x300.jpg 300w, https:\/\/idemar.cl\/inicio\/wp-content\/uploads\/2022\/12\/profesores-idemar-copia-768x768.jpg 768w, https:\/\/idemar.cl\/inicio\/wp-content\/uploads\/2022\/12\/profesores-idemar-copia-1536x1536.jpg 1536w, https:\/\/idemar.cl\/inicio\/wp-content\/uploads\/2022\/12\/profesores-idemar-copia-2048x2048.jpg 2048w\" sizes=\"(max-width: 2500px) 100vw, 2500px\" \/>\t\t\t\t\t\t\t\t\t\t\t\t\t<\/div>\n\t\t\t\t<\/div>\n\t\t\t\t\t<\/div>\n\t\t<\/div>\n\t\t\t\t<div class=\"elementor-column elementor-col-50 elementor-top-column elementor-element elementor-element-b634619\" data-id=\"b634619\" data-element_type=\"column\" data-settings=\"{&quot;background_background&quot;:&quot;classic&quot;}\">\n\t\t\t<div class=\"elementor-widget-wrap elementor-element-populated\">\n\t\t\t\t\t\t<div class=\"elementor-element elementor-element-6847174 elementor-widget elementor-widget-heading\" data-id=\"6847174\" data-element_type=\"widget\" data-widget_type=\"heading.default\">\n\t\t\t\t<div class=\"elementor-widget-container\">\n\t\t\t<h6 class=\"elementor-heading-title elementor-size-default\"><br><span style=\"color: var( --e-global-color-primary ); background-color: var( --e-global-color-accent );\">Directora <\/span><br>\n<br>Carolina D\u00edaz S\u00e1nchez  <br>\n<\/h6>\t\t<\/div>\n\t\t\t\t<\/div>\n\t\t\t\t<div class=\"elementor-element elementor-element-4785c86 elementor-widget elementor-widget-text-editor\" data-id=\"4785c86\" data-element_type=\"widget\" data-widget_type=\"text-editor.default\">\n\t\t\t\t<div class=\"elementor-widget-container\">\n\t\t\t\t\t\t\t<p>La Directora es la autoridad m\u00e1xima del Colegio, designada por el Consejo de la Fundaci\u00f3n \u201cAlmirante Carlos Condell\u201d, a quien le corresponde conducir y liderar el Proyecto Educativo Institucional, adem\u00e1s de gestionar administrativa y financieramente el Establecimiento. Igualmente, es la responsable del funcionamiento total del plantel, de la organizaci\u00f3n, coordinaci\u00f3n y supervisi\u00f3n del Colegio de acuerdo a las normas legales y reglamentos vigentes y tendr\u00e1 la calidad de empleado de confianza de la Fundaci\u00f3n \u201cAlmirante Carlos Condell\u201d.<\/p>\t\t\t\t\t\t<\/div>\n\t\t\t\t<\/div>\n\t\t\t\t<div class=\"elementor-element elementor-element-91e83e4 elementor-widget elementor-widget-heading\" data-id=\"91e83e4\" data-element_type=\"widget\" data-widget_type=\"heading.default\">\n\t\t\t\t<div class=\"elementor-widget-container\">\n\t\t\t<h2 class=\"elementor-heading-title elementor-size-default\">Mag\u00edster en Ciencias de la Educaci\u00f3n, menci\u00f3n Curr\u00edculum y Evaluaci\u00f3n, Universidad Mayor.<\/h2>\t\t<\/div>\n\t\t\t\t<\/div>\n\t\t\t\t<div class=\"elementor-element elementor-element-a7ca7ff elementor-widget elementor-widget-heading\" data-id=\"a7ca7ff\" data-element_type=\"widget\" data-widget_type=\"heading.default\">\n\t\t\t\t<div class=\"elementor-widget-container\">\n\t\t\t<h2 class=\"elementor-heading-title elementor-size-default\">Mag\u00edster en Direcci\u00f3n y Liderazgo para la Gesti\u00f3n, Educacional Universidad Andr\u00e9s Bello.<\/h2>\t\t<\/div>\n\t\t\t\t<\/div>\n\t\t\t\t<div class=\"elementor-element elementor-element-a61da08 elementor-widget elementor-widget-heading\" data-id=\"a61da08\" data-element_type=\"widget\" data-widget_type=\"heading.default\">\n\t\t\t\t<div class=\"elementor-widget-container\">\n\t\t\t<h2 class=\"elementor-heading-title elementor-size-default\"><a href=\"mailto:director@idemar.cl\">directora@idemar.cl<\/a><\/h2>\t\t<\/div>\n\t\t\t\t<\/div>\n\t\t\t\t\t<\/div>\n\t\t<\/div>\n\t\t\t\t\t<\/div>\n\t\t<\/section>\n\t\t\t\t<section class=\"elementor-section elementor-top-section elementor-element elementor-element-573a9de6 elementor-section-stretched elementor-section-boxed elementor-section-height-default elementor-section-height-default\" data-id=\"573a9de6\" data-element_type=\"section\" data-settings=\"{&quot;stretch_section&quot;:&quot;section-stretched&quot;}\">\n\t\t\t\t\t\t<div class=\"elementor-container elementor-column-gap-default\">\n\t\t\t\t\t<div class=\"elementor-column elementor-col-50 elementor-top-column elementor-element elementor-element-1279e9\" data-id=\"1279e9\" data-element_type=\"column\">\n\t\t\t<div class=\"elementor-widget-wrap elementor-element-populated\">\n\t\t\t\t\t\t<div class=\"elementor-element elementor-element-76914352 elementor-widget elementor-widget-heading\" data-id=\"76914352\" data-element_type=\"widget\" data-widget_type=\"heading.default\">\n\t\t\t\t<div class=\"elementor-widget-container\">\n\t\t\t<h5 class=\"elementor-heading-title elementor-size-default\"><br>Subdirectora de Formaci\u00f3n y Convivencia Educativa <br>\nPatricia Aguilera Sandoval<\/h5>\t\t<\/div>\n\t\t\t\t<\/div>\n\t\t\t\t<div class=\"elementor-element elementor-element-9897f50 elementor-widget elementor-widget-text-editor\" data-id=\"9897f50\" data-element_type=\"widget\" data-widget_type=\"text-editor.default\">\n\t\t\t\t<div class=\"elementor-widget-container\">\n\t\t\t\t\t\t\t\t\t\t\t\t\t<\/div>\n\t\t\t\t<\/div>\n\t\t\t\t<div class=\"elementor-element elementor-element-dbf5605 elementor-widget elementor-widget-heading\" data-id=\"dbf5605\" data-element_type=\"widget\" data-widget_type=\"heading.default\">\n\t\t\t\t<div class=\"elementor-widget-container\">\n\t\t\t<h2 class=\"elementor-heading-title elementor-size-default\"><a href=\"mailto:subdirectora@idemar.cl\">subdirectoraformacion@idemar.cl <\/a><\/h2>\t\t<\/div>\n\t\t\t\t<\/div>\n\t\t\t\t\t<\/div>\n\t\t<\/div>\n\t\t\t\t<div class=\"elementor-column elementor-col-50 elementor-top-column elementor-element elementor-element-ed74805\" data-id=\"ed74805\" data-element_type=\"column\">\n\t\t\t<div class=\"elementor-widget-wrap elementor-element-populated\">\n\t\t\t\t\t\t<div class=\"elementor-element elementor-element-823e378 elementor-widget elementor-widget-heading\" data-id=\"823e378\" data-element_type=\"widget\" data-widget_type=\"heading.default\">\n\t\t\t\t<div class=\"elementor-widget-container\">\n\t\t\t<h5 class=\"elementor-heading-title elementor-size-default\"><br>Subdirectora Pedag\u00f3gica<br>Berta Aguayo Peralta<\/h5>\t\t<\/div>\n\t\t\t\t<\/div>\n\t\t\t\t<div class=\"elementor-element elementor-element-17ad7e5 elementor-widget elementor-widget-heading\" data-id=\"17ad7e5\" data-element_type=\"widget\" data-widget_type=\"heading.default\">\n\t\t\t\t<div class=\"elementor-widget-container\">\n\t\t\t<h2 class=\"elementor-heading-title elementor-size-default\"><a href=\"mailto:utpprofesional@idemar.cl\">subdirectorapedagogica@idemar.cl<\/a><\/h2>\t\t<\/div>\n\t\t\t\t<\/div>\n\t\t\t\t\t<\/div>\n\t\t<\/div>\n\t\t\t\t\t<\/div>\n\t\t<\/section>\n\t\t\t\t<section class=\"elementor-section elementor-top-section elementor-element elementor-element-3b54d44 elementor-section-stretched elementor-section-boxed elementor-section-height-default elementor-section-height-default\" data-id=\"3b54d44\" data-element_type=\"section\" data-settings=\"{&quot;stretch_section&quot;:&quot;section-stretched&quot;}\">\n\t\t\t\t\t\t<div class=\"elementor-container elementor-column-gap-default\">\n\t\t\t\t\t<div class=\"elementor-column elementor-col-50 elementor-top-column elementor-element elementor-element-714dafa\" data-id=\"714dafa\" data-element_type=\"column\">\n\t\t\t<div class=\"elementor-widget-wrap\">\n\t\t\t\t\t\t\t<\/div>\n\t\t<\/div>\n\t\t\t\t<div class=\"elementor-column elementor-col-50 elementor-top-column elementor-element elementor-element-03eea0d\" data-id=\"03eea0d\" data-element_type=\"column\">\n\t\t\t<div class=\"elementor-widget-wrap\">\n\t\t\t\t\t\t\t<\/div>\n\t\t<\/div>\n\t\t\t\t\t<\/div>\n\t\t<\/section>\n\t\t\t\t<section class=\"elementor-section elementor-top-section elementor-element elementor-element-5d2ff17 elementor-section-boxed elementor-section-height-default elementor-section-height-default\" data-id=\"5d2ff17\" data-element_type=\"section\">\n\t\t\t\t\t\t<div class=\"elementor-container elementor-column-gap-default\">\n\t\t\t\t\t<div class=\"elementor-column elementor-col-50 elementor-top-column elementor-element elementor-element-e73ee29\" data-id=\"e73ee29\" data-element_type=\"column\">\n\t\t\t<div class=\"elementor-widget-wrap\">\n\t\t\t\t\t\t\t<\/div>\n\t\t<\/div>\n\t\t\t\t<div class=\"elementor-column elementor-col-50 elementor-top-column elementor-element elementor-element-1541f4b\" data-id=\"1541f4b\" data-element_type=\"column\">\n\t\t\t<div class=\"elementor-widget-wrap\">\n\t\t\t\t\t\t\t<\/div>\n\t\t<\/div>\n\t\t\t\t\t<\/div>\n\t\t<\/section>\n\t\t\t\t<\/div>\n\t\t","protected":false},"excerpt":{"rendered":"<p>Nosotros Historia El 07 de marzo de 1988, fue fundado el Instituto del Mar \u201cCapit\u00e1n Williams\u201d de Chonchi, culminando as\u00ed el esfuerzo y anhelo de muchas personas, quienes con visi\u00f3n y compatibilizando intereses y voluntades hacen posible que dicho proyecto se concrete y la comunidad de Chilo\u00e9 y la regi\u00f3n puedan acceder a un colegio [&hellip;]<\/p>\n","protected":false},"author":1,"featured_media":0,"parent":0,"menu_order":0,"comment_status":"closed","ping_status":"closed","template":"elementor_header_footer","meta":{"footnotes":""},"class_list":["post-277","page","type-page","status-publish","hentry"],"_links":{"self":[{"href":"https:\/\/idemar.cl\/inicio\/wp-json\/wp\/v2\/pages\/277","targetHints":{"allow":["GET"]}}],"collection":[{"href":"https:\/\/idemar.cl\/inicio\/wp-json\/wp\/v2\/pages"}],"about":[{"href":"https:\/\/idemar.cl\/inicio\/wp-json\/wp\/v2\/types\/page"}],"author":[{"embeddable":true,"href":"https:\/\/idemar.cl\/inicio\/wp-json\/wp\/v2\/users\/1"}],"replies":[{"embeddable":true,"href":"https:\/\/idemar.cl\/inicio\/wp-json\/wp\/v2\/comments?post=277"}],"version-history":[{"count":178,"href":"https:\/\/idemar.cl\/inicio\/wp-json\/wp\/v2\/pages\/277\/revisions"}],"predecessor-version":[{"id":3737,"href":"https:\/\/idemar.cl\/inicio\/wp-json\/wp\/v2\/pages\/277\/revisions\/3737"}],"wp:attachment":[{"href":"https:\/\/idemar.cl\/inicio\/wp-json\/wp\/v2\/media?parent=277"}],"curies":[{"name":"wp","href":"https:\/\/api.w.org\/{rel}","templated":true}]}}